{"id":210,"date":"2020-08-26T17:24:26","date_gmt":"2020-08-26T17:24:26","guid":{"rendered":"https:\/\/www.mjcrillieux.com\/?page_id=210"},"modified":"2026-07-02T13:48:57","modified_gmt":"2026-07-02T13:48:57","slug":"inscription","status":"publish","type":"page","link":"https:\/\/www.mjcrillieux.com\/index.php\/inscription\/","title":{"rendered":"Inscription"},"content":{"rendered":"<p>[et_pb_section fb_built=\u00a0\u00bb1&Prime; _builder_version=\u00a0\u00bb4.16&Prime; global_colors_info=\u00a0\u00bb{}\u00a0\u00bb][et_pb_row _builder_version=\u00a0\u00bb4.16&Prime; global_colors_info=\u00a0\u00bb{}\u00a0\u00bb][et_pb_column type=\u00a0\u00bb4_4&Prime; _builder_version=\u00a0\u00bb4.16&Prime; global_colors_info=\u00a0\u00bb{}\u00a0\u00bb][et_pb_text _builder_version=\u00a0\u00bb4.27.2&Prime; text_text_color=\u00a0\u00bb#000000&Prime; header_6_font=\u00a0\u00bbLemon Milk Regular||||||||\u00a0\u00bb header_6_font_size=\u00a0\u00bb15px\u00a0\u00bb custom_padding=\u00a0\u00bb|0px||||\u00a0\u00bb global_colors_info=\u00a0\u00bb{}\u00a0\u00bb]<\/p>\n<h6 style=\"text-align: center;\"><span style=\"text-decoration: underline;\"><span style=\"color: #ed6e00; text-decoration: underline;\"><strong>SAISON 2026-2027 : les dates importantes \u00e0 retenir !<\/strong><\/span><\/span><\/h6>\n<p><span style=\"text-decoration: underline;\"><span style=\"color: #ed6e00; text-decoration: underline;\"><strong><\/strong><\/span><\/span><\/p>\n<p style=\"text-align: center;\"><span style=\"font-size: large;\"><b>&#8211; Inscriptions : <\/b>\u00e0 partir du 1er septembre 2026, 14h<\/span><\/p>\n<p style=\"text-align: center;\"><span style=\"font-size: large;\"><b>&#8211; Forum des associations : <\/b>samedi 12 septembre 2026<\/span><\/p>\n<p style=\"text-align: center;\"><span style=\"font-size: large;\"><b>&#8211; Semaine portes ouvertes\u00a0 : <\/b>du 14 au 18 septembre 2026 \/\/ <span style=\"color: #e02b20;\"><strong>2\u20ac le cours d&rsquo;essai ! <\/strong><em>(rembours\u00e9 si inscription)<\/em><strong><br \/><\/strong><\/span><\/span><\/p>\n<p style=\"text-align: center;\"><span style=\"font-size: large;\"><b>&#8211; Reprise des activit\u00e9s :<\/b> lundi 14 septembre 2026<\/span><\/p>\n<p style=\"text-align: center;\"><span style=\"font-size: large;\"><strong>&#8211; Concert Lancement de saison <\/strong>: vendredi 18 septembre 2026<\/span><\/p>\n<p>\u00a0&#8212;&#8212;&#8212;&#8212;&#8212;&#8212;&#8212;&#8212;&#8212;&#8212;&#8212;&#8212;&#8212;&#8212;&#8212;&#8212;&#8212;&#8212;&#8212;&#8212;&#8212;&#8212;&#8212;&#8212;&#8212;&#8212;&#8212;&#8212;&#8212;&#8212;&#8212;&#8212;&#8212;&#8212;&#8212;&#8212;&#8212;&#8212;&#8212;&#8212;&#8212;&#8212;&#8212;&#8212;&#8212;&#8212;&#8212;&#8212;&#8212;&#8212;&#8212;&#8212;&#8212;&#8212;&#8212;&#8212;&#8212;&#8212;&#8212;&#8212;&#8212;&#8212;&#8212;&#8212;&#8212;&#8212;&#8212;&#8212;&#8212;&#8212;&#8212;&#8212;&#8212;&#8212;&#8212;&#8212;-<\/p>\n<h6 style=\"text-align: justify;\"><span style=\"text-decoration: underline;\"><span style=\"color: #ff6600; text-decoration: underline;\"><strong>S&rsquo;inscrire, en 2 \u00e9tapes<\/strong><\/span><\/span><\/h6>\n<p style=\"text-align: justify;\"><strong>1.<\/strong> Pr\u00e9-inscription conseill\u00e9e via notre formulaire en ligne (nous sommes disponibles par t\u00e9l\u00e9phone et \u00e0 l&rsquo;accueil pour vous aider).<\/p>\n<p style=\"text-align: justify;\">&gt; Sur ordinateur : Cliquer sur le bouton \u00ab\u00a0Pr\u00e9-inscription\u00a0\u00bb. Sur la nouvelle page, cliquer en haut \u00e0 droite sur \u00ab\u00a0s&rsquo;inscrire\u00a0\u00bb et remplir vos informations.<\/p>\n<p style=\"text-align: justify;\">&gt; Sur t\u00e9l\u00e9phone : Cliquer sur le bouton \u00ab\u00a0Pr\u00e9-inscription\u00a0\u00bb. Sur la nouvelle page, cliquer en haut \u00e0 droite sur l&rsquo;ic\u00f4ne et remplir vos informations.<\/p>\n<p style=\"text-align: justify;\"><strong>2.<\/strong> Finalisation de votre inscription \u00e0 l&rsquo;accueil de votre MJC durant les horaires d&rsquo;ouverture. <strong><span style=\"color: #ff0000;\">Pour \u00eatre valid\u00e9, votre dossier doit \u00eatre complet au moment de l&rsquo;inscription sur place.<\/span><\/strong><\/p>\n<p style=\"text-align: justify;\"><span style=\"text-decoration: underline;\"><\/span><\/p>\n<p style=\"text-align: justify;\"><strong><span style=\"text-decoration: underline;\">Les documents \u00e0 nous fournir<\/span> :<\/strong><\/p>\n<p style=\"text-align: justify;\">&#8211; Justificatif de domicile (pour les Rilliards)<\/p>\n<p style=\"text-align: justify;\">&#8211; Justificatif de quotient familial (pour les Rilliards)<\/p>\n<p style=\"text-align: justify;\">&#8211; <a href=\"https:\/\/www.mjcrillieux.com\/wp-content\/uploads\/2024\/11\/Fiche-Sanitaires-2024200251.pdf\">Fiche sanitaire<\/a> (pour tous les usagers)<\/p>\n<p style=\"text-align: justify;\"><strong><span style=\"text-decoration: underline;\">Les types de r\u00e8glements que nous acceptons<\/span> :<\/strong><\/p>\n<p style=\"text-align: justify;\">CB, esp\u00e8ce, ch\u00e8que, ch\u00e8que vacances, coupons cultures, pass culture (selon les activit\u00e9s), adh\u00e9sions suspendues.<\/p>\n<h6 style=\"text-align: justify;\"><strong><span style=\"text-decoration: underline;\"><span style=\"color: #ff6600; text-decoration: underline;\">Adh\u00e9rer \u00e0 la MJC \u00d4 TOTEM<\/span><\/span><br \/><\/strong><\/h6>\n<p style=\"text-align: justify;\">L&rsquo;adh\u00e9sion est obligatoire, individuelle et non remboursable. Elle permet de participer \u00e0 la vie de l&rsquo;association de soutenir et de contribuer \u00e0 ses projets et \u00e0 ses valeurs.<\/p>\n<p style=\"text-align: justify;\"><strong>Cours maintenus sous r\u00e9serve de remplissage suffisant.<\/strong><\/p>\n<p>[\/et_pb_text][\/et_pb_column][\/et_pb_row][et_pb_row column_structure=\u00a0\u00bb1_3,1_3,1_3&Prime; _builder_version=\u00a0\u00bb4.26.0&Prime; global_colors_info=\u00a0\u00bb{}\u00a0\u00bb][et_pb_column type=\u00a0\u00bb1_3&Prime; _builder_version=\u00a0\u00bb4.16&Prime; global_colors_info=\u00a0\u00bb{}\u00a0\u00bb][et_pb_button button_url=\u00a0\u00bbhttps:\/\/mjcrillieux.aniapp.fr\/auth\/inscription\u00a0\u00bb button_text=\u00a0\u00bbPr\u00e9-Inscription\u00a0\u00bb button_alignment=\u00a0\u00bbcenter\u00a0\u00bb _builder_version=\u00a0\u00bb4.22.1&Prime; custom_button=\u00a0\u00bbon\u00a0\u00bb button_text_size=\u00a0\u00bb25px\u00a0\u00bb button_text_color=\u00a0\u00bb#f39020&Prime; global_colors_info=\u00a0\u00bb{}\u00a0\u00bb][\/et_pb_button][\/et_pb_column][et_pb_column _builder_version=\u00a0\u00bb4.27.4&Prime; _module_preset=\u00a0\u00bbdefault\u00a0\u00bb type=\u00a0\u00bb1_3&Prime;][\/et_pb_column][et_pb_column type=\u00a0\u00bb1_3&Prime; _builder_version=\u00a0\u00bb4.16&Prime; global_colors_info=\u00a0\u00bb{}\u00a0\u00bb][et_pb_button button_url=\u00a0\u00bbhttps:\/\/www.mjcrillieux.com\/wp-content\/uploads\/2026\/07\/Tarifs-2026_2027.pdf\u00a0\u00bb button_text=\u00a0\u00bbTarifs 2026-2027&Prime; button_alignment=\u00a0\u00bbcenter\u00a0\u00bb _builder_version=\u00a0\u00bb4.27.4&Prime; custom_button=\u00a0\u00bbon\u00a0\u00bb button_text_size=\u00a0\u00bb25px\u00a0\u00bb button_text_color=\u00a0\u00bb#f39020&Prime; hover_enabled=\u00a0\u00bb0&Prime; global_colors_info=\u00a0\u00bb{}\u00a0\u00bb sticky_enabled=\u00a0\u00bb0&Prime;][\/et_pb_button][\/et_pb_column][\/et_pb_row][\/et_pb_section]<\/p>\n","protected":false},"excerpt":{"rendered":"<p>SAISON 2026-2027 : les dates importantes \u00e0 retenir ! &#8211; Inscriptions : \u00e0 partir du 1er septembre 2026, 14h &#8211; Forum des associations : samedi 12 septembre 2026 &#8211; Semaine portes ouvertes\u00a0 : du 14 au 18 septembre 2026 \/\/ 2\u20ac le cours d&rsquo;essai ! (rembours\u00e9 si inscription) &#8211; Reprise des activit\u00e9s : lundi 14 [&hellip;]<\/p>\n","protected":false},"author":1,"featured_media":0,"parent":0,"menu_order":0,"comment_status":"closed","ping_status":"closed","template":"","meta":{"_et_pb_use_builder":"on","_et_pb_old_content":"","_et_gb_content_width":""},"yoast_head":"<!-- This site is optimized with the Yoast SEO plugin v20.4 - https:\/\/yoast.com\/wordpress\/plugins\/seo\/ -->\n<title>Inscription - MJC \u00d4 Totem<\/title>\n<meta name=\"robots\" content=\"index, follow, max-snippet:-1, max-image-preview:large, max-video-preview:-1\" \/>\n<link rel=\"canonical\" href=\"https:\/\/www.mjcrillieux.com\/index.php\/inscription\/\" \/>\n<meta property=\"og:locale\" content=\"fr_FR\" \/>\n<meta property=\"og:type\" content=\"article\" \/>\n<meta property=\"og:title\" content=\"Inscription - MJC \u00d4 Totem\" \/>\n<meta property=\"og:description\" content=\"SAISON 2026-2027 : les dates importantes \u00e0 retenir ! - Inscriptions : \u00e0 partir du 1er septembre 2026, 14h - Forum des associations : samedi 12 septembre 2026 - Semaine portes ouvertes\u00a0 : du 14 au 18 septembre 2026 \/\/ 2\u20ac le cours d&#039;essai ! (rembours\u00e9 si inscription) - Reprise des activit\u00e9s : lundi 14 [&hellip;]\" \/>\n<meta property=\"og:url\" content=\"https:\/\/www.mjcrillieux.com\/index.php\/inscription\/\" \/>\n<meta property=\"og:site_name\" content=\"MJC \u00d4 Totem\" \/>\n<meta property=\"article:publisher\" content=\"https:\/\/www.facebook.com\/mjctotem\/\" \/>\n<meta property=\"article:modified_time\" content=\"2026-07-02T13:48:57+00:00\" \/>\n<meta property=\"og:image\" content=\"https:\/\/www.mjcrillieux.com\/wp-content\/uploads\/2023\/02\/img-du-site.jpg\" \/>\n\t<meta property=\"og:image:width\" content=\"1200\" \/>\n\t<meta property=\"og:image:height\" content=\"675\" \/>\n\t<meta property=\"og:image:type\" content=\"image\/jpeg\" \/>\n<meta name=\"twitter:card\" content=\"summary_large_image\" \/>\n<meta name=\"twitter:site\" content=\"@mjcototem\" \/>\n<meta name=\"twitter:label1\" content=\"Dur\u00e9e de lecture estim\u00e9e\" \/>\n\t<meta name=\"twitter:data1\" content=\"2 minutes\" \/>\n<script type=\"application\/ld+json\" class=\"yoast-schema-graph\">{\"@context\":\"https:\/\/schema.org\",\"@graph\":[{\"@type\":\"WebPage\",\"@id\":\"https:\/\/www.mjcrillieux.com\/index.php\/inscription\/\",\"url\":\"https:\/\/www.mjcrillieux.com\/index.php\/inscription\/\",\"name\":\"Inscription - MJC \u00d4 Totem\",\"isPartOf\":{\"@id\":\"https:\/\/www.mjcrillieux.com\/#website\"},\"datePublished\":\"2020-08-26T17:24:26+00:00\",\"dateModified\":\"2026-07-02T13:48:57+00:00\",\"breadcrumb\":{\"@id\":\"https:\/\/www.mjcrillieux.com\/index.php\/inscription\/#breadcrumb\"},\"inLanguage\":\"fr-FR\",\"potentialAction\":[{\"@type\":\"ReadAction\",\"target\":[\"https:\/\/www.mjcrillieux.com\/index.php\/inscription\/\"]}]},{\"@type\":\"BreadcrumbList\",\"@id\":\"https:\/\/www.mjcrillieux.com\/index.php\/inscription\/#breadcrumb\",\"itemListElement\":[{\"@type\":\"ListItem\",\"position\":1,\"name\":\"Accueil\",\"item\":\"https:\/\/www.mjcrillieux.com\/\"},{\"@type\":\"ListItem\",\"position\":2,\"name\":\"Inscription\"}]},{\"@type\":\"WebSite\",\"@id\":\"https:\/\/www.mjcrillieux.com\/#website\",\"url\":\"https:\/\/www.mjcrillieux.com\/\",\"name\":\"MJC \u00d4 Totem\",\"description\":\"\",\"publisher\":{\"@id\":\"https:\/\/www.mjcrillieux.com\/#organization\"},\"potentialAction\":[{\"@type\":\"SearchAction\",\"target\":{\"@type\":\"EntryPoint\",\"urlTemplate\":\"https:\/\/www.mjcrillieux.com\/?s={search_term_string}\"},\"query-input\":\"required name=search_term_string\"}],\"inLanguage\":\"fr-FR\"},{\"@type\":\"Organization\",\"@id\":\"https:\/\/www.mjcrillieux.com\/#organization\",\"name\":\"MJC \u00d4 Totem\",\"url\":\"https:\/\/www.mjcrillieux.com\/\",\"logo\":{\"@type\":\"ImageObject\",\"inLanguage\":\"fr-FR\",\"@id\":\"https:\/\/www.mjcrillieux.com\/#\/schema\/logo\/image\/\",\"url\":\"https:\/\/www.mjcrillieux.com\/wp-content\/uploads\/2023\/02\/logo-site.png\",\"contentUrl\":\"https:\/\/www.mjcrillieux.com\/wp-content\/uploads\/2023\/02\/logo-site.png\",\"width\":800,\"height\":800,\"caption\":\"MJC \u00d4 Totem\"},\"image\":{\"@id\":\"https:\/\/www.mjcrillieux.com\/#\/schema\/logo\/image\/\"},\"sameAs\":[\"https:\/\/www.facebook.com\/mjctotem\/\",\"https:\/\/twitter.com\/mjcototem\",\"https:\/\/www.instagram.com\/mjcototem\",\"https:\/\/www.youtube.com\/user\/mjctotem\"]}]}<\/script>\n<!-- \/ Yoast SEO plugin. -->","yoast_head_json":{"title":"Inscription - MJC \u00d4 Totem","robots":{"index":"index","follow":"follow","max-snippet":"max-snippet:-1","max-image-preview":"max-image-preview:large","max-video-preview":"max-video-preview:-1"},"canonical":"https:\/\/www.mjcrillieux.com\/index.php\/inscription\/","og_locale":"fr_FR","og_type":"article","og_title":"Inscription - MJC \u00d4 Totem","og_description":"SAISON 2026-2027 : les dates importantes \u00e0 retenir ! - Inscriptions : \u00e0 partir du 1er septembre 2026, 14h - Forum des associations : samedi 12 septembre 2026 - Semaine portes ouvertes\u00a0 : du 14 au 18 septembre 2026 \/\/ 2\u20ac le cours d'essai ! (rembours\u00e9 si inscription) - Reprise des activit\u00e9s : lundi 14 [&hellip;]","og_url":"https:\/\/www.mjcrillieux.com\/index.php\/inscription\/","og_site_name":"MJC \u00d4 Totem","article_publisher":"https:\/\/www.facebook.com\/mjctotem\/","article_modified_time":"2026-07-02T13:48:57+00:00","og_image":[{"width":1200,"height":675,"url":"https:\/\/www.mjcrillieux.com\/wp-content\/uploads\/2023\/02\/img-du-site.jpg","type":"image\/jpeg"}],"twitter_card":"summary_large_image","twitter_site":"@mjcototem","twitter_misc":{"Dur\u00e9e de lecture estim\u00e9e":"2 minutes"},"schema":{"@context":"https:\/\/schema.org","@graph":[{"@type":"WebPage","@id":"https:\/\/www.mjcrillieux.com\/index.php\/inscription\/","url":"https:\/\/www.mjcrillieux.com\/index.php\/inscription\/","name":"Inscription - MJC \u00d4 Totem","isPartOf":{"@id":"https:\/\/www.mjcrillieux.com\/#website"},"datePublished":"2020-08-26T17:24:26+00:00","dateModified":"2026-07-02T13:48:57+00:00","breadcrumb":{"@id":"https:\/\/www.mjcrillieux.com\/index.php\/inscription\/#breadcrumb"},"inLanguage":"fr-FR","potentialAction":[{"@type":"ReadAction","target":["https:\/\/www.mjcrillieux.com\/index.php\/inscription\/"]}]},{"@type":"BreadcrumbList","@id":"https:\/\/www.mjcrillieux.com\/index.php\/inscription\/#breadcrumb","itemListElement":[{"@type":"ListItem","position":1,"name":"Accueil","item":"https:\/\/www.mjcrillieux.com\/"},{"@type":"ListItem","position":2,"name":"Inscription"}]},{"@type":"WebSite","@id":"https:\/\/www.mjcrillieux.com\/#website","url":"https:\/\/www.mjcrillieux.com\/","name":"MJC \u00d4 Totem","description":"","publisher":{"@id":"https:\/\/www.mjcrillieux.com\/#organization"},"potentialAction":[{"@type":"SearchAction","target":{"@type":"EntryPoint","urlTemplate":"https:\/\/www.mjcrillieux.com\/?s={search_term_string}"},"query-input":"required name=search_term_string"}],"inLanguage":"fr-FR"},{"@type":"Organization","@id":"https:\/\/www.mjcrillieux.com\/#organization","name":"MJC \u00d4 Totem","url":"https:\/\/www.mjcrillieux.com\/","logo":{"@type":"ImageObject","inLanguage":"fr-FR","@id":"https:\/\/www.mjcrillieux.com\/#\/schema\/logo\/image\/","url":"https:\/\/www.mjcrillieux.com\/wp-content\/uploads\/2023\/02\/logo-site.png","contentUrl":"https:\/\/www.mjcrillieux.com\/wp-content\/uploads\/2023\/02\/logo-site.png","width":800,"height":800,"caption":"MJC \u00d4 Totem"},"image":{"@id":"https:\/\/www.mjcrillieux.com\/#\/schema\/logo\/image\/"},"sameAs":["https:\/\/www.facebook.com\/mjctotem\/","https:\/\/twitter.com\/mjcototem","https:\/\/www.instagram.com\/mjcototem","https:\/\/www.youtube.com\/user\/mjctotem"]}]}},"_links":{"self":[{"href":"https:\/\/www.mjcrillieux.com\/index.php\/wp-json\/wp\/v2\/pages\/210"}],"collection":[{"href":"https:\/\/www.mjcrillieux.com\/index.php\/wp-json\/wp\/v2\/pages"}],"about":[{"href":"https:\/\/www.mjcrillieux.com\/index.php\/wp-json\/wp\/v2\/types\/page"}],"author":[{"embeddable":true,"href":"https:\/\/www.mjcrillieux.com\/index.php\/wp-json\/wp\/v2\/users\/1"}],"replies":[{"embeddable":true,"href":"https:\/\/www.mjcrillieux.com\/index.php\/wp-json\/wp\/v2\/comments?post=210"}],"version-history":[{"count":62,"href":"https:\/\/www.mjcrillieux.com\/index.php\/wp-json\/wp\/v2\/pages\/210\/revisions"}],"predecessor-version":[{"id":4516,"href":"https:\/\/www.mjcrillieux.com\/index.php\/wp-json\/wp\/v2\/pages\/210\/revisions\/4516"}],"wp:attachment":[{"href":"https:\/\/www.mjcrillieux.com\/index.php\/wp-json\/wp\/v2\/media?parent=210"}],"curies":[{"name":"wp","href":"https:\/\/api.w.org\/{rel}","templated":true}]}}