{"id":3402,"date":"2024-06-20T10:23:18","date_gmt":"2024-06-20T10:23:18","guid":{"rendered":"https:\/\/www.mjcrillieux.com\/?page_id=3402"},"modified":"2026-07-27T12:52:47","modified_gmt":"2026-07-27T12:52:47","slug":"activites-musicales-2024-2025","status":"publish","type":"page","link":"https:\/\/www.mjcrillieux.com\/index.php\/activites-musicales-2024-2025\/","title":{"rendered":"Activit\u00e9s musicales"},"content":{"rendered":"<p>[et_pb_section fb_built=\u00a0\u00bb1&Prime; _builder_version=\u00a0\u00bb4.25.2&Prime; _module_preset=\u00a0\u00bbdefault\u00a0\u00bb global_colors_info=\u00a0\u00bb{}\u00a0\u00bb][et_pb_row _builder_version=\u00a0\u00bb4.25.2&Prime; _module_preset=\u00a0\u00bbdefault\u00a0\u00bb global_colors_info=\u00a0\u00bb{}\u00a0\u00bb][et_pb_column type=\u00a0\u00bb4_4&Prime; _builder_version=\u00a0\u00bb4.25.2&Prime; _module_preset=\u00a0\u00bbdefault\u00a0\u00bb global_colors_info=\u00a0\u00bb{}\u00a0\u00bb][et_pb_menu menu_id=\u00a0\u00bb124&Prime; _builder_version=\u00a0\u00bb4.25.2&Prime; _module_preset=\u00a0\u00bbdefault\u00a0\u00bb menu_font=\u00a0\u00bbLemon Milk Bold||||||||\u00a0\u00bb text_orientation=\u00a0\u00bbcenter\u00a0\u00bb global_colors_info=\u00a0\u00bb{}\u00a0\u00bb][\/et_pb_menu][\/et_pb_column][\/et_pb_row][et_pb_row column_structure=\u00a0\u00bb1_3,1_3,1_3&Prime; disabled_on=\u00a0\u00bbon|off|off\u00a0\u00bb _builder_version=\u00a0\u00bb4.25.2&Prime; _module_preset=\u00a0\u00bbdefault\u00a0\u00bb global_colors_info=\u00a0\u00bb{}\u00a0\u00bb][et_pb_column type=\u00a0\u00bb1_3&Prime; _builder_version=\u00a0\u00bb4.25.2&Prime; _module_preset=\u00a0\u00bbdefault\u00a0\u00bb global_colors_info=\u00a0\u00bb{}\u00a0\u00bb][et_pb_image src=\u00a0\u00bbhttps:\/\/www.mjcrillieux.com\/wp-content\/uploads\/2026\/06\/batterie.png\u00a0\u00bb title_text=\u00a0\u00bbbatterie\u00a0\u00bb url=\u00a0\u00bbhttps:\/\/mjcrillieux.aniapp.fr\/activites\/activites-musicales\/batterie\u00a0\u00bb _builder_version=\u00a0\u00bb4.27.4&Prime; _module_preset=\u00a0\u00bbdefault\u00a0\u00bb global_colors_info=\u00a0\u00bb{}\u00a0\u00bb src__hover_enabled=\u00a0\u00bbon|hover\u00a0\u00bb src__hover=\u00a0\u00bbhttps:\/\/www.mjcrillieux.com\/wp-content\/uploads\/2026\/06\/batterie.png\u00a0\u00bb][\/et_pb_image][\/et_pb_column][et_pb_column type=\u00a0\u00bb1_3&Prime; _builder_version=\u00a0\u00bb4.25.2&Prime; _module_preset=\u00a0\u00bbdefault\u00a0\u00bb global_colors_info=\u00a0\u00bb{}\u00a0\u00bb][et_pb_image src=\u00a0\u00bbhttps:\/\/www.mjcrillieux.com\/wp-content\/uploads\/2026\/06\/guitare.png\u00a0\u00bb title_text=\u00a0\u00bbguitare\u00a0\u00bb url=\u00a0\u00bbhttps:\/\/mjcrillieux.aniapp.fr\/activites\/activites-musicales\/guitare\u00a0\u00bb _builder_version=\u00a0\u00bb4.27.4&Prime; _module_preset=\u00a0\u00bbdefault\u00a0\u00bb global_colors_info=\u00a0\u00bb{}\u00a0\u00bb src__hover_enabled=\u00a0\u00bbon|hover\u00a0\u00bb src__hover=\u00a0\u00bbhttps:\/\/www.mjcrillieux.com\/wp-content\/uploads\/2026\/06\/guitare.png\u00a0\u00bb][\/et_pb_image][\/et_pb_column][et_pb_column type=\u00a0\u00bb1_3&Prime; _builder_version=\u00a0\u00bb4.25.2&Prime; _module_preset=\u00a0\u00bbdefault\u00a0\u00bb global_colors_info=\u00a0\u00bb{}\u00a0\u00bb][et_pb_image src=\u00a0\u00bbhttps:\/\/www.mjcrillieux.com\/wp-content\/uploads\/2026\/06\/creamusicale.png\u00a0\u00bb title_text=\u00a0\u00bbcreamusicale\u00a0\u00bb url=\u00a0\u00bbhttps:\/\/mjcrillieux.aniapp.fr\/activites\/activites-enfants\/initiation-a-la-creation-musicale\u00a0\u00bb disabled_on=\u00a0\u00bbon|off|off\u00a0\u00bb _builder_version=\u00a0\u00bb4.27.4&Prime; _module_preset=\u00a0\u00bbdefault\u00a0\u00bb global_colors_info=\u00a0\u00bb{}\u00a0\u00bb src__hover_enabled=\u00a0\u00bbon|hover\u00a0\u00bb src__hover=\u00a0\u00bbhttps:\/\/www.mjcrillieux.com\/wp-content\/uploads\/2026\/06\/creamusicale.png\u00a0\u00bb][\/et_pb_image][\/et_pb_column][\/et_pb_row][et_pb_row column_structure=\u00a0\u00bb1_3,1_3,1_3&Prime; _builder_version=\u00a0\u00bb4.27.4&Prime; _module_preset=\u00a0\u00bbdefault\u00a0\u00bb global_colors_info=\u00a0\u00bb{}\u00a0\u00bb][et_pb_column type=\u00a0\u00bb1_3&Prime; _builder_version=\u00a0\u00bb4.27.4&Prime; _module_preset=\u00a0\u00bbdefault\u00a0\u00bb global_colors_info=\u00a0\u00bb{}\u00a0\u00bb][et_pb_text _builder_version=\u00a0\u00bb4.27.4&Prime; _module_preset=\u00a0\u00bbdefault\u00a0\u00bb global_colors_info=\u00a0\u00bb{}\u00a0\u00bb]<\/p>\n<h1 style=\"text-align: center;\">Batterie<\/h1>\n<h5 style=\"text-align: center;\">\u00e0 partir de 6 ans : Mercredi<\/h5>\n<h6 style=\"text-align: center;\"><span style=\"color: #e09900;\"><strong>Cr\u00e9neau sur demande !<\/strong><\/span><\/h6>\n<p style=\"text-align: center;\">Solo 30&prime; ou 45&prime;<\/p>\n<p>[\/et_pb_text][\/et_pb_column][et_pb_column type=\u00a0\u00bb1_3&Prime; _builder_version=\u00a0\u00bb4.27.4&Prime; _module_preset=\u00a0\u00bbdefault\u00a0\u00bb global_colors_info=\u00a0\u00bb{}\u00a0\u00bb][et_pb_text _builder_version=\u00a0\u00bb4.27.4&Prime; _module_preset=\u00a0\u00bbdefault\u00a0\u00bb global_colors_info=\u00a0\u00bb{}\u00a0\u00bb]<\/p>\n<h1 style=\"text-align: center;\">Guitare<\/h1>\n<h5 style=\"text-align: center;\">\u00e0 partir de 7 ans : Mardi, mercredi, jeudi<\/h5>\n<h6 style=\"text-align: center;\"><span style=\"color: #e09900;\"><strong>Cr\u00e9neau sur demande !<\/strong><\/span><\/h6>\n<p style=\"text-align: center;\">Solo, Duo, Atelier de groupe, Solo perfectionnement<\/p>\n<p>[\/et_pb_text][\/et_pb_column][et_pb_column type=\u00a0\u00bb1_3&Prime; _builder_version=\u00a0\u00bb4.27.4&Prime; _module_preset=\u00a0\u00bbdefault\u00a0\u00bb global_colors_info=\u00a0\u00bb{}\u00a0\u00bb][et_pb_text _builder_version=\u00a0\u00bb4.27.4&Prime; _module_preset=\u00a0\u00bbdefault\u00a0\u00bb global_colors_info=\u00a0\u00bb{}\u00a0\u00bb]<\/p>\n<h1 style=\"text-align: center;\">Initiation \u00e0 la cr\u00e9ation musicale<\/h1>\n<h5 style=\"text-align: center;\">De 7 \u00e0 10 ans : mercredi de 10h \u00e0 11h<\/h5>\n<h5 style=\"text-align: center;\">ou 11h \u00e0 12h<\/h5>\n<p style=\"text-align: center;\">En collectif<\/p>\n<p>[\/et_pb_text][\/et_pb_column][\/et_pb_row][et_pb_row column_structure=\u00a0\u00bb1_3,1_3,1_3&Prime; disabled_on=\u00a0\u00bbon|off|off\u00a0\u00bb _builder_version=\u00a0\u00bb4.25.2&Prime; _module_preset=\u00a0\u00bbdefault\u00a0\u00bb global_colors_info=\u00a0\u00bb{}\u00a0\u00bb][et_pb_column type=\u00a0\u00bb1_3&Prime; _builder_version=\u00a0\u00bb4.25.2&Prime; _module_preset=\u00a0\u00bbdefault\u00a0\u00bb global_colors_info=\u00a0\u00bb{}\u00a0\u00bb][et_pb_image src=\u00a0\u00bbhttps:\/\/www.mjcrillieux.com\/wp-content\/uploads\/2026\/06\/chant.png\u00a0\u00bb title_text=\u00a0\u00bbchant\u00a0\u00bb url=\u00a0\u00bbhttps:\/\/mjcrillieux.aniapp.fr\/activites\/activites-musicales\/atelier-chant-slam\u00a0\u00bb disabled_on=\u00a0\u00bbon|off|off\u00a0\u00bb _builder_version=\u00a0\u00bb4.27.4&Prime; _module_preset=\u00a0\u00bbdefault\u00a0\u00bb global_colors_info=\u00a0\u00bb{}\u00a0\u00bb src__hover_enabled=\u00a0\u00bbon|hover\u00a0\u00bb src__hover=\u00a0\u00bbhttps:\/\/www.mjcrillieux.com\/wp-content\/uploads\/2026\/06\/chant.png\u00a0\u00bb][\/et_pb_image][\/et_pb_column][et_pb_column type=\u00a0\u00bb1_3&Prime; _builder_version=\u00a0\u00bb4.25.2&Prime; _module_preset=\u00a0\u00bbdefault\u00a0\u00bb global_colors_info=\u00a0\u00bb{}\u00a0\u00bb][et_pb_image src=\u00a0\u00bbhttps:\/\/www.mjcrillieux.com\/wp-content\/uploads\/2026\/06\/compomusicale.png\u00a0\u00bb title_text=\u00a0\u00bbcompomusicale\u00a0\u00bb url=\u00a0\u00bbhttps:\/\/mjcrillieux.aniapp.fr\/activites\/activites-ados-adultes\/atelier-de-composition-musicale\u00a0\u00bb _builder_version=\u00a0\u00bb4.27.4&Prime; _module_preset=\u00a0\u00bbdefault\u00a0\u00bb global_colors_info=\u00a0\u00bb{}\u00a0\u00bb src__hover_enabled=\u00a0\u00bbon|desktop\u00a0\u00bb src__hover=\u00a0\u00bbhttps:\/\/www.mjcrillieux.com\/wp-content\/uploads\/2026\/06\/compomusicale.png\u00a0\u00bb][\/et_pb_image][\/et_pb_column][et_pb_column type=\u00a0\u00bb1_3&Prime; _builder_version=\u00a0\u00bb4.25.2&Prime; _module_preset=\u00a0\u00bbdefault\u00a0\u00bb global_colors_info=\u00a0\u00bb{}\u00a0\u00bb][\/et_pb_column][\/et_pb_row][et_pb_row column_structure=\u00a0\u00bb1_3,1_3,1_3&Prime; _builder_version=\u00a0\u00bb4.27.4&Prime; _module_preset=\u00a0\u00bbdefault\u00a0\u00bb global_colors_info=\u00a0\u00bb{}\u00a0\u00bb][et_pb_column type=\u00a0\u00bb1_3&Prime; _builder_version=\u00a0\u00bb4.27.4&Prime; _module_preset=\u00a0\u00bbdefault\u00a0\u00bb global_colors_info=\u00a0\u00bb{}\u00a0\u00bb][et_pb_text _builder_version=\u00a0\u00bb4.27.4&Prime; _module_preset=\u00a0\u00bbdefault\u00a0\u00bb global_colors_info=\u00a0\u00bb{}\u00a0\u00bb]<\/p>\n<h1 style=\"text-align: center;\">Chant \/ Slam<\/h1>\n<h5 style=\"text-align: center;\"><strong>1 semaine sur 2<\/strong><\/h5>\n<h5 style=\"text-align: center;\">D\u00e8s 15 ans : mardi de 19h30 \u00e0 20h30<\/h5>\n<p>[\/et_pb_text][\/et_pb_column][et_pb_column type=\u00a0\u00bb1_3&Prime; _builder_version=\u00a0\u00bb4.27.4&Prime; _module_preset=\u00a0\u00bbdefault\u00a0\u00bb global_colors_info=\u00a0\u00bb{}\u00a0\u00bb][et_pb_text _builder_version=\u00a0\u00bb4.27.4&Prime; _module_preset=\u00a0\u00bbdefault\u00a0\u00bb global_colors_info=\u00a0\u00bb{}\u00a0\u00bb]<\/p>\n<h1 style=\"text-align: center;\">Atelier de composition musicale<\/h1>\n<h5 style=\"text-align: center;\">D\u00e8s 10 ans : mercredi apr\u00e8s-midi\u00a0<\/h5>\n<h6 style=\"text-align: center;\"><span style=\"color: #e09900;\"><strong>Cr\u00e9neau d&rsquo;1h sur demande !<\/strong><\/span><\/h6>\n<p style=\"text-align: center;\">En trio (10-15 ans ou +16 ans)<\/p>\n<p>[\/et_pb_text][\/et_pb_column][et_pb_column type=\u00a0\u00bb1_3&Prime; _builder_version=\u00a0\u00bb4.27.4&Prime; _module_preset=\u00a0\u00bbdefault\u00a0\u00bb global_colors_info=\u00a0\u00bb{}\u00a0\u00bb][\/et_pb_column][\/et_pb_row][\/et_pb_section][et_pb_section fb_built=\u00a0\u00bb1&Prime; _builder_version=\u00a0\u00bb4.24.2&Prime; _module_preset=\u00a0\u00bbdefault\u00a0\u00bb background_color=\u00a0\u00bbrgba(239,131,35,0.91)\u00a0\u00bb global_colors_info=\u00a0\u00bb{}\u00a0\u00bb][\/et_pb_section]<\/p>\n","protected":false},"excerpt":{"rendered":"<p>Batterie \u00e0 partir de 6 ans : Mercredi Cr\u00e9neau sur demande ! Solo 30&prime; ou 45&rsquo;Guitare \u00e0 partir de 7 ans : Mardi, mercredi, jeudi Cr\u00e9neau sur demande ! Solo, Duo, Atelier de groupe, Solo perfectionnementInitiation \u00e0 la cr\u00e9ation musicale De 7 \u00e0 10 ans : mercredi de 10h \u00e0 11h ou 11h \u00e0 12h [&hellip;]<\/p>\n","protected":false},"author":4,"featured_media":0,"parent":0,"menu_order":0,"comment_status":"closed","ping_status":"closed","template":"","meta":{"_et_pb_use_builder":"on","_et_pb_old_content":"","_et_gb_content_width":""},"yoast_head":"<!-- This site is optimized with the Yoast SEO plugin v20.4 - https:\/\/yoast.com\/wordpress\/plugins\/seo\/ -->\n<title>Activit\u00e9s musicales - MJC \u00d4 Totem<\/title>\n<meta name=\"description\" content=\"Guitare, batterie, M.A.O, chant, slam. De nombreuses activit\u00e9s disponibles pour tous les \u00e2ges et pour tous les niveaux.\" \/>\n<meta name=\"robots\" content=\"index, follow, max-snippet:-1, max-image-preview:large, max-video-preview:-1\" \/>\n<link rel=\"canonical\" href=\"https:\/\/www.mjcrillieux.com\/index.php\/activites-musicales-2024-2025\/\" \/>\n<meta property=\"og:locale\" content=\"fr_FR\" \/>\n<meta property=\"og:type\" content=\"article\" \/>\n<meta property=\"og:title\" content=\"Activit\u00e9s musicales - MJC \u00d4 Totem\" \/>\n<meta property=\"og:description\" content=\"Guitare, batterie, M.A.O, chant, slam. De nombreuses activit\u00e9s disponibles pour tous les \u00e2ges et pour tous les niveaux.\" \/>\n<meta property=\"og:url\" content=\"https:\/\/www.mjcrillieux.com\/index.php\/activites-musicales-2024-2025\/\" \/>\n<meta property=\"og:site_name\" content=\"MJC \u00d4 Totem\" \/>\n<meta property=\"article:publisher\" content=\"https:\/\/www.facebook.com\/mjctotem\/\" \/>\n<meta property=\"article:modified_time\" content=\"2026-07-27T12:52:47+00:00\" \/>\n<meta property=\"og:image\" content=\"https:\/\/www.mjcrillieux.com\/wp-content\/uploads\/2023\/02\/img-du-site.jpg\" \/>\n\t<meta property=\"og:image:width\" content=\"1200\" \/>\n\t<meta property=\"og:image:height\" content=\"675\" \/>\n\t<meta property=\"og:image:type\" content=\"image\/jpeg\" \/>\n<meta name=\"twitter:card\" content=\"summary_large_image\" \/>\n<meta name=\"twitter:site\" content=\"@mjcototem\" \/>\n<meta name=\"twitter:label1\" content=\"Dur\u00e9e de lecture estim\u00e9e\" \/>\n\t<meta name=\"twitter:data1\" content=\"2 minutes\" \/>\n<script type=\"application\/ld+json\" class=\"yoast-schema-graph\">{\"@context\":\"https:\/\/schema.org\",\"@graph\":[{\"@type\":\"WebPage\",\"@id\":\"https:\/\/www.mjcrillieux.com\/index.php\/activites-musicales-2024-2025\/\",\"url\":\"https:\/\/www.mjcrillieux.com\/index.php\/activites-musicales-2024-2025\/\",\"name\":\"Activit\u00e9s musicales - MJC \u00d4 Totem\",\"isPartOf\":{\"@id\":\"https:\/\/www.mjcrillieux.com\/#website\"},\"datePublished\":\"2024-06-20T10:23:18+00:00\",\"dateModified\":\"2026-07-27T12:52:47+00:00\",\"description\":\"Guitare, batterie, M.A.O, chant, slam. De nombreuses activit\u00e9s disponibles pour tous les \u00e2ges et pour tous les niveaux.\",\"breadcrumb\":{\"@id\":\"https:\/\/www.mjcrillieux.com\/index.php\/activites-musicales-2024-2025\/#breadcrumb\"},\"inLanguage\":\"fr-FR\",\"potentialAction\":[{\"@type\":\"ReadAction\",\"target\":[\"https:\/\/www.mjcrillieux.com\/index.php\/activites-musicales-2024-2025\/\"]}]},{\"@type\":\"BreadcrumbList\",\"@id\":\"https:\/\/www.mjcrillieux.com\/index.php\/activites-musicales-2024-2025\/#breadcrumb\",\"itemListElement\":[{\"@type\":\"ListItem\",\"position\":1,\"name\":\"Accueil\",\"item\":\"https:\/\/www.mjcrillieux.com\/\"},{\"@type\":\"ListItem\",\"position\":2,\"name\":\"Activit\u00e9s musicales\"}]},{\"@type\":\"WebSite\",\"@id\":\"https:\/\/www.mjcrillieux.com\/#website\",\"url\":\"https:\/\/www.mjcrillieux.com\/\",\"name\":\"MJC \u00d4 Totem\",\"description\":\"\",\"publisher\":{\"@id\":\"https:\/\/www.mjcrillieux.com\/#organization\"},\"potentialAction\":[{\"@type\":\"SearchAction\",\"target\":{\"@type\":\"EntryPoint\",\"urlTemplate\":\"https:\/\/www.mjcrillieux.com\/?s={search_term_string}\"},\"query-input\":\"required name=search_term_string\"}],\"inLanguage\":\"fr-FR\"},{\"@type\":\"Organization\",\"@id\":\"https:\/\/www.mjcrillieux.com\/#organization\",\"name\":\"MJC \u00d4 Totem\",\"url\":\"https:\/\/www.mjcrillieux.com\/\",\"logo\":{\"@type\":\"ImageObject\",\"inLanguage\":\"fr-FR\",\"@id\":\"https:\/\/www.mjcrillieux.com\/#\/schema\/logo\/image\/\",\"url\":\"https:\/\/www.mjcrillieux.com\/wp-content\/uploads\/2023\/02\/logo-site.png\",\"contentUrl\":\"https:\/\/www.mjcrillieux.com\/wp-content\/uploads\/2023\/02\/logo-site.png\",\"width\":800,\"height\":800,\"caption\":\"MJC \u00d4 Totem\"},\"image\":{\"@id\":\"https:\/\/www.mjcrillieux.com\/#\/schema\/logo\/image\/\"},\"sameAs\":[\"https:\/\/www.facebook.com\/mjctotem\/\",\"https:\/\/twitter.com\/mjcototem\",\"https:\/\/www.instagram.com\/mjcototem\",\"https:\/\/www.youtube.com\/user\/mjctotem\"]}]}<\/script>\n<!-- \/ Yoast SEO plugin. -->","yoast_head_json":{"title":"Activit\u00e9s musicales - MJC \u00d4 Totem","description":"Guitare, batterie, M.A.O, chant, slam. De nombreuses activit\u00e9s disponibles pour tous les \u00e2ges et pour tous les niveaux.","robots":{"index":"index","follow":"follow","max-snippet":"max-snippet:-1","max-image-preview":"max-image-preview:large","max-video-preview":"max-video-preview:-1"},"canonical":"https:\/\/www.mjcrillieux.com\/index.php\/activites-musicales-2024-2025\/","og_locale":"fr_FR","og_type":"article","og_title":"Activit\u00e9s musicales - MJC \u00d4 Totem","og_description":"Guitare, batterie, M.A.O, chant, slam. De nombreuses activit\u00e9s disponibles pour tous les \u00e2ges et pour tous les niveaux.","og_url":"https:\/\/www.mjcrillieux.com\/index.php\/activites-musicales-2024-2025\/","og_site_name":"MJC \u00d4 Totem","article_publisher":"https:\/\/www.facebook.com\/mjctotem\/","article_modified_time":"2026-07-27T12:52:47+00:00","og_image":[{"width":1200,"height":675,"url":"https:\/\/www.mjcrillieux.com\/wp-content\/uploads\/2023\/02\/img-du-site.jpg","type":"image\/jpeg"}],"twitter_card":"summary_large_image","twitter_site":"@mjcototem","twitter_misc":{"Dur\u00e9e de lecture estim\u00e9e":"2 minutes"},"schema":{"@context":"https:\/\/schema.org","@graph":[{"@type":"WebPage","@id":"https:\/\/www.mjcrillieux.com\/index.php\/activites-musicales-2024-2025\/","url":"https:\/\/www.mjcrillieux.com\/index.php\/activites-musicales-2024-2025\/","name":"Activit\u00e9s musicales - MJC \u00d4 Totem","isPartOf":{"@id":"https:\/\/www.mjcrillieux.com\/#website"},"datePublished":"2024-06-20T10:23:18+00:00","dateModified":"2026-07-27T12:52:47+00:00","description":"Guitare, batterie, M.A.O, chant, slam. De nombreuses activit\u00e9s disponibles pour tous les \u00e2ges et pour tous les niveaux.","breadcrumb":{"@id":"https:\/\/www.mjcrillieux.com\/index.php\/activites-musicales-2024-2025\/#breadcrumb"},"inLanguage":"fr-FR","potentialAction":[{"@type":"ReadAction","target":["https:\/\/www.mjcrillieux.com\/index.php\/activites-musicales-2024-2025\/"]}]},{"@type":"BreadcrumbList","@id":"https:\/\/www.mjcrillieux.com\/index.php\/activites-musicales-2024-2025\/#breadcrumb","itemListElement":[{"@type":"ListItem","position":1,"name":"Accueil","item":"https:\/\/www.mjcrillieux.com\/"},{"@type":"ListItem","position":2,"name":"Activit\u00e9s musicales"}]},{"@type":"WebSite","@id":"https:\/\/www.mjcrillieux.com\/#website","url":"https:\/\/www.mjcrillieux.com\/","name":"MJC \u00d4 Totem","description":"","publisher":{"@id":"https:\/\/www.mjcrillieux.com\/#organization"},"potentialAction":[{"@type":"SearchAction","target":{"@type":"EntryPoint","urlTemplate":"https:\/\/www.mjcrillieux.com\/?s={search_term_string}"},"query-input":"required name=search_term_string"}],"inLanguage":"fr-FR"},{"@type":"Organization","@id":"https:\/\/www.mjcrillieux.com\/#organization","name":"MJC \u00d4 Totem","url":"https:\/\/www.mjcrillieux.com\/","logo":{"@type":"ImageObject","inLanguage":"fr-FR","@id":"https:\/\/www.mjcrillieux.com\/#\/schema\/logo\/image\/","url":"https:\/\/www.mjcrillieux.com\/wp-content\/uploads\/2023\/02\/logo-site.png","contentUrl":"https:\/\/www.mjcrillieux.com\/wp-content\/uploads\/2023\/02\/logo-site.png","width":800,"height":800,"caption":"MJC \u00d4 Totem"},"image":{"@id":"https:\/\/www.mjcrillieux.com\/#\/schema\/logo\/image\/"},"sameAs":["https:\/\/www.facebook.com\/mjctotem\/","https:\/\/twitter.com\/mjcototem","https:\/\/www.instagram.com\/mjcototem","https:\/\/www.youtube.com\/user\/mjctotem"]}]}},"_links":{"self":[{"href":"https:\/\/www.mjcrillieux.com\/index.php\/wp-json\/wp\/v2\/pages\/3402"}],"collection":[{"href":"https:\/\/www.mjcrillieux.com\/index.php\/wp-json\/wp\/v2\/pages"}],"about":[{"href":"https:\/\/www.mjcrillieux.com\/index.php\/wp-json\/wp\/v2\/types\/page"}],"author":[{"embeddable":true,"href":"https:\/\/www.mjcrillieux.com\/index.php\/wp-json\/wp\/v2\/users\/4"}],"replies":[{"embeddable":true,"href":"https:\/\/www.mjcrillieux.com\/index.php\/wp-json\/wp\/v2\/comments?post=3402"}],"version-history":[{"count":19,"href":"https:\/\/www.mjcrillieux.com\/index.php\/wp-json\/wp\/v2\/pages\/3402\/revisions"}],"predecessor-version":[{"id":4562,"href":"https:\/\/www.mjcrillieux.com\/index.php\/wp-json\/wp\/v2\/pages\/3402\/revisions\/4562"}],"wp:attachment":[{"href":"https:\/\/www.mjcrillieux.com\/index.php\/wp-json\/wp\/v2\/media?parent=3402"}],"curies":[{"name":"wp","href":"https:\/\/api.w.org\/{rel}","templated":true}]}}